{"id":76,"date":"2021-09-30T22:40:07","date_gmt":"2021-09-30T22:40:07","guid":{"rendered":"https:\/\/webredox.net\/demo\/wp\/bauen\/light\/multi\/demo1\/?page_id=76"},"modified":"2022-09-14T02:53:51","modified_gmt":"2022-09-14T02:53:51","slug":"notre-equipe","status":"publish","type":"page","link":"http:\/\/2courtiers.ca\/fr\/notre-equipe\/","title":{"rendered":"NOTRE \u00c9QUIPE"},"content":{"rendered":"<div class=\"clear\"><\/div><section class=\"full-width-section     \"><div class=\"block-wrapper  section-padding2 \"><div class=\"section-wrapper container \"><div class=\"row-layout  row \"><div class=\"wpb_column vc_column_container vc_col-sm-12\"><div class=\"vc_column-inner\"><div class=\"wpb_wrapper\"><div class=\"sec-heading text-left  \"><h2 class=\"section-title\">NOTRE \u00c9QUIPE<\/h2><\/div><\/div><\/div><\/div><\/div><\/div><\/div><\/section><div class=\"clear\"><\/div><div class=\"clear\"><\/div><section class=\"full-width-section     \"><div class=\"block-wrapper  section-padding2 \"><div class=\"section-wrapper container \"><div class=\"row-layout  row \"><div class=\"wpb_column vc_column_container vc_col-sm-6\"><div class=\"vc_column-inner\"><div class=\"wpb_wrapper\"><div class=\"sec-heading text-left  \"><div class=\"animate-box\" data-animate-effect=\"fadeInUp\"><h2 class=\"section-title\">Isabelle Guindon<\/h2><p><strong>Courtier immobilier r\u00e9sidentiel<\/strong><\/p>\n<p>Isabelle est d\u00e9tentrice d\u2019un Dipl\u00f4me coll\u00e9gial en sciences humaines dans la sp\u00e9cialit\u00e9 Social Sciences Commerce au Saint-Lawrence Coll\u00e8ge Campus de Sainte-Foy, et d\u2019un Baccalaur\u00e9at en administration des affaires (option en finance) de l\u2019Universit\u00e9 de Sherbrooke.<\/p>\n<p>Elle a \u00e9t\u00e9 Repr\u00e9sentante en financement commercial aupr\u00e8s d\u2019institutions financi\u00e8res, Directrice des comptes commerciaux, Conseill\u00e8re en gestion et en financement pour une p\u00e9riode de 10 ans et ensuite Directrice g\u00e9n\u00e9rale au sein de la Soci\u00e9t\u00e9 d\u2019aide au d\u00e9veloppement des collectivit\u00e9s des Laurentides SADC pour une dur\u00e9e de 5 ans. Celle-ci privil\u00e9giant toujours davantage l\u2019approche personnalis\u00e9e avec le client, elle poursuit ensuite pendant 5 ann\u00e9es dans la vente automobile suivi de 10 ann\u00e9es dans la planification, la confection et la r\u00e9alisation de rangements sur mesure en offrant les services d\u2019organisation des aires de rangement tant au niveau priv\u00e9 qu&#8217;au niveau commercial.<br \/>\nElle se distingue par son \u00e9coute, sa comp\u00e9tence, sa cr\u00e9ativit\u00e9, son implication, sa disponibilit\u00e9 et son int\u00e9grit\u00e9 irr\u00e9prochable. Isabelle a r\u00e9ussi \u00e0 \u00e9tablir des relations durables et professionnelles avec ses clients fid\u00e8les et \u00e0 b\u00e2tir ainsi une client\u00e8le toujours grandissante de par leur satisfaction d\u00e9clar\u00e9e \u00e0 leurs familles, amis, coll\u00e8gues et clients.<\/p>\n<p>Elle, qui a toujours \u00e9t\u00e9 passionn\u00e9e par l\u2019immobilier, et ayant \u00e0 son actif d\u00e9j\u00e0 plusieurs transactions immobili\u00e8res au niveau personnel, elle entreprend le 2 f\u00e9vrier 2022 sa formation \u00e0 plein temps de Courtier immobilier au sein de l\u2019Acad\u00e9mie de formation immobili\u00e8re du Qu\u00e9bec AFIQ, qui se conclut avec succ\u00e8s le 15 mai 2022.<br \/>\nElle se joint \u00e0 l\u2019agence Royal LePage Humania le 11 avril 2022.<\/p><\/div><\/div><\/div><\/div><\/div><div class=\"wpb_column vc_column_container vc_col-sm-6\"><div class=\"vc_column-inner\"><div class=\"wpb_wrapper\"><div class=\"sec-image \"><div class=\"animate-box\" data-animate-effect=\"fadeInUp\"><div class=\"about\"><div class=\"about-img\"><div class=\"img\"><img decoding=\"async\" src=\"https:\/\/2courtiers.ca\/wp-content\/uploads\/2022\/07\/O2A5991-HD2.jpg\" alt=\"_O2A5991-HD2\" class=\"img-fluid\"\/><\/div><div class=\"about-img-2 about-buro\">Isabelle Guindon<\/div><\/div><\/div><\/div><\/div><\/div><\/div><\/div><\/div><\/div><\/div><\/section><div class=\"clear\"><\/div><div class=\"clear\"><\/div><section class=\"full-width-section     \"><div class=\"block-wrapper  section-padding2 \"><div class=\"section-wrapper container \"><div class=\"row-layout  row \"><div class=\"wpb_column vc_column_container vc_col-sm-6\"><div class=\"vc_column-inner\"><div class=\"wpb_wrapper\"><div class=\"sec-image \"><div class=\"animate-box\" data-animate-effect=\"fadeInUp\"><div class=\"about\"><div class=\"about-img\"><div class=\"img\"><img decoding=\"async\" src=\"https:\/\/2courtiers.ca\/wp-content\/uploads\/2022\/07\/O2A6099-HD2.jpg\" alt=\"_O2A6099-HD2\" class=\"img-fluid\"\/><\/div><div class=\"about-img-2 about-buro\">St\u00e9phane Dufresne<\/div><\/div><\/div><\/div><\/div><\/div><\/div><\/div><div class=\"wpb_column vc_column_container vc_col-sm-6\"><div class=\"vc_column-inner\"><div class=\"wpb_wrapper\"><div class=\"sec-heading text-left  \"><div class=\"animate-box\" data-animate-effect=\"fadeInUp\"><h2 class=\"section-title\">St\u00e9phane Dufresne<\/h2><p><strong>Courtier immobilier r\u00e9sidentiel<\/strong><\/p>\n<p>D\u00e9tenteur de deux dipl\u00f4mes de niveau coll\u00e9gial en Sciences pures et appliqu\u00e9es du Coll\u00e8ge Montmorency de Laval ainsi qu\u2019en A\u00e9ronautique du Coll\u00e8ge Edouard-Montpetit \u00e0 St-Hubert, il ajoute en plus, un an de formation en G\u00e9nie m\u00e9canique en sp\u00e9cialit\u00e9 Rupture des mat\u00e9riaux \u00e0 l\u2019Universit\u00e9 Polytechnique de Montr\u00e9al.<\/p>\n<p>St\u00e9phane a \u00e9t\u00e9 travailleur autonome pendant plus de 37 ans dans l\u2019entreprise familiale d\u2019excavation et aussi conjointement pendant 5 ans dans l\u2019aviation en tant qu&#8217;Ing\u00e9nieur de plancher en structure en tant que Consultant technique international.<\/p>\n<p>Il se distingue par son \u00e9coute, sa comp\u00e9tence, son implication, sa disponibilit\u00e9 et son int\u00e9grit\u00e9 irr\u00e9prochable, tant dans l\u2019excavation que dans l\u2019aviation. St\u00e9phane a r\u00e9ussi \u00e0 servir une client\u00e8le toujours grandissante et fid\u00e8le par les r\u00e9f\u00e9rences de ses clients aupr\u00e8s de leurs familles, amis, coll\u00e8gues et clients.<\/p>\n<p>St\u00e9phane, au-del\u00e0 de tous les diagnostics pos\u00e9s par les m\u00e9decins, retourne \u00e0 la vie active d\u2019abord comme travailleur autonome au sein de Winner 4 Life en Marketing relationnel, et ensuite \u00e0 titre de Commis dans un centre de r\u00e9novation.<\/p>\n<p>Il revient vite en force \u00e0 ses origines avec la sant\u00e9 r\u00e9tablie, travailler \u00e0 son compte, l\u00e0 o\u00f9 il excelle. Le 2 f\u00e9vrier 2022, il entreprend sa formation \u00e0 plein temps de Courtier immobilier au sein de l\u2019Acad\u00e9mie de formation immobili\u00e8re du Qu\u00e9bec AFIQ, qui se conclut avec succ\u00e8s le 15 mai 2022.<br \/>\nIl se joint \u00e0 l\u2019agence Royal LePage Humania le 11 avril 2022.<\/p><\/div><\/div><\/div><\/div><\/div><\/div><\/div><\/div><\/section><div class=\"clear\"><\/div>\n","protected":false},"excerpt":{"rendered":"NOTRE \u00c9QUIPEIsabelle GuindonCourtier immobilier r\u00e9sidentiel Isabelle est d\u00e9tentrice d\u2019un Dipl\u00f4me coll\u00e9gial en sciences humaines dans la sp\u00e9cialit\u00e9 Social Sciences Commerce au Saint-Lawrence Coll\u00e8ge Campus de Sainte-Foy, et d\u2019un Baccalaur\u00e9at en administration des affaires (option en finance) de l\u2019Universit\u00e9 de Sherbrooke. Elle a \u00e9t\u00e9 Repr\u00e9sentante en financement commercial aupr\u00e8s d\u2019institutions financi\u00e8res, Directrice des comptes commerciaux, Conseill\u00e8re en gestion et en financement...","protected":false},"author":1,"featured_media":0,"parent":0,"menu_order":0,"comment_status":"closed","ping_status":"closed","template":"","meta":{"_acf_changed":false,"footnotes":"","_links_to":"","_links_to_target":""},"class_list":["post-76","page","type-page","status-publish","hentry"],"acf":[],"_links":{"self":[{"href":"http:\/\/2courtiers.ca\/fr\/wp-json\/wp\/v2\/pages\/76","targetHints":{"allow":["GET"]}}],"collection":[{"href":"http:\/\/2courtiers.ca\/fr\/wp-json\/wp\/v2\/pages"}],"about":[{"href":"http:\/\/2courtiers.ca\/fr\/wp-json\/wp\/v2\/types\/page"}],"author":[{"embeddable":true,"href":"http:\/\/2courtiers.ca\/fr\/wp-json\/wp\/v2\/users\/1"}],"replies":[{"embeddable":true,"href":"http:\/\/2courtiers.ca\/fr\/wp-json\/wp\/v2\/comments?post=76"}],"version-history":[{"count":1,"href":"http:\/\/2courtiers.ca\/fr\/wp-json\/wp\/v2\/pages\/76\/revisions"}],"predecessor-version":[{"id":818,"href":"http:\/\/2courtiers.ca\/fr\/wp-json\/wp\/v2\/pages\/76\/revisions\/818"}],"wp:attachment":[{"href":"http:\/\/2courtiers.ca\/fr\/wp-json\/wp\/v2\/media?parent=76"}],"curies":[{"name":"wp","href":"https:\/\/api.w.org\/{rel}","templated":true}]}}